{"id":161,"date":"2018-04-16T22:15:35","date_gmt":"2018-04-16T20:15:35","guid":{"rendered":"http:\/\/ubezpieczenia.berlin\/?page_id=161"},"modified":"2020-08-13T07:21:19","modified_gmt":"2020-08-13T05:21:19","slug":"impressum","status":"publish","type":"page","link":"https:\/\/ubezpieczenia.berlin\/index.php\/impressum\/","title":{"rendered":"Impressum"},"content":{"rendered":"<div id=\"comp-iupn6vn7\" class=\"txtNew\" data-packed=\"true\">\n<h2 class=\"font_2\"><\/h2>\n<\/div>\n<div id=\"comp-iupnroed\" class=\"txtNew\" data-packed=\"true\">\n<p class=\"font_8\">Angaben gem\u00e4\u00df \u00a7 5 TMG:<\/p>\n<p>Lukas Urbanowicz<br \/>\nSandberg 19<br \/>\n14974 Ludwigsfelde OT Genshagen<br \/>\nMobil: +49 (0) 175 11 95\u00a0608<\/p>\n<p>E-Mail:\u00a0<a href=\"mailto:info@ubezpieczsie.de\" target=\"_self\" data-content=\"info@ubezpieczsie.de\" data-type=\"mail\" rel=\"noopener noreferrer\">info@ubezpieczsie.de<\/a><\/p>\n<p>Webseite:\u00a0<a href=\"https:\/\/www.ubezpieczsie.de\/\" target=\"_blank\" rel=\"noopener undefined noreferrer\" data-content=\"https:\/\/www.ubezpieczsie.de\" data-type=\"external\">www.ubezpieczsie.de<\/a><\/p>\n<p>Versicherungsmakler\u00a0&#8211; Erlaubnis nach \u00a7 34 d Abs. 1 GewO<\/p>\n<p>Versicherungsvermittlerregister:\u00a0Register-Nr. D-YD7I-D2D61-58<\/p>\n<p>Gemeinsame Registerstelle nach \u00a711a Abs. 1 GewO:<\/p>\n<p class=\"font_8\">Deutscher Industrie- und Handelskammertag (DIHK) e.V.<br \/>\nBreite Stra\u00dfe 29<br \/>\n10178 Berlin<\/p>\n<p class=\"font_8\">Telefon: 0180 600 58 50<br \/>\n(Festnetzpreis 0,20 \u20ac\/Anruf; Mobilfunkpreise maximal 0,60 \u20ac\/Anruf)<br \/>\nwww.vermittlerregister.info<\/p>\n<p>Aufsichtsbeh\u00f6rde:<\/p>\n<p>Industrie- und Handelskammer Potsdam<br \/>\nBreite Str. 2a-c, 14467 Potsdam<\/p>\n<p>Berufsrechtliche Regelungen:<\/p>\n<p>&#8211; \u00a0\u00a0\u00a7 34d Gewerbeordnung (ggf. \u00a7 34c Gewerbeordnung, \u00a7 34f Gewerbeordnung. \u00a7 34i Gewerbeordnung)<\/p>\n<p class=\"font_8\">&#8211; \u00a0 \u00a7\u00a7 59-68 VVG<\/p>\n<p class=\"font_8\">\u00a0 \u00a0&#8211; \u00a0\u00a0VersVermV<\/p>\n<p class=\"font_8\">Die berufsrechtlichen Regelungen k\u00f6nnen \u00fcber die vom Bundesministerium der Justiz und von der juris GmbH betriebenen Homepage\u00a0\u00a0www.gesetze-im-internet.de\u00a0eingesehen und abgerufen werden.<\/p>\n<p>Lukas Urbanowicz ist als unabh\u00e4ngiger Versicherungsmakler t\u00e4tig:<\/p>\n<p>Lukasz Urbanowicz besitz weder direkte noch indirekte Beteiligungen von \u00fcber zehn Prozent an den Stimmrechten oder am Kapital eines Versicherungsunternehmens noch besitzt Versicherungsunternehmen oder Mutterunternehmen von\u00a0 Versicherungsunternehmens eine direkte oder indirekte Beteiligung von \u00fcber zehn Prozent an den Stimmrechten oder am Kapital von Lukas Urbanowicz.<\/p>\n<p>Folgende Schlichtungsstellen k\u00f6nnen zur au\u00dfergerichtlichen Streitbeilegung angerufen werden:<\/p>\n<p class=\"font_8\">Versicherungsombudsmann e.V.,<br \/>\nPostfach 08 06 32, 10006 Berlin<br \/>\nWeitere Informationen:\u00a0<a href=\"http:\/\/www.versicherungsombudsmann.de\/\" target=\"_blank\" rel=\"noopener undefined noreferrer\" data-content=\"http:\/\/www.versicherungsombudsmann.de\" data-type=\"external\">www.versicherungsombudsmann.de<\/a><\/p>\n<p>Ombudsmann Private Kranken- und Pflegeversicherung,<br \/>\nPostfach 06 02 22, 10052 Berlin<br \/>\nWeitere Informationen:\u00a0<a href=\"http:\/\/www.pkv-ombudsmann.de\/\" target=\"_blank\" rel=\"noopener undefined noreferrer\" data-content=\"http:\/\/www.pkv-ombudsmann.de\" data-type=\"external\">www.pkv-ombudsmann.de<\/a><\/p>\n<p>Haftungsausschluss (Disclaimer)<\/p>\n<p class=\"font_8\">Haftung f\u00fcr Inhalte<br \/>\nAls Diensteanbieter sind wir gem\u00e4\u00df \u00a7 7 Abs.1 TMG f\u00fcr eigene Inhalte auf diesen Seiten nach den allgemeinen Gesetzen verantwortlich. Nach \u00a7\u00a7 8 bis 10 TMG sind wir als Diensteanbieter jedoch nicht verpflichtet, \u00fcbermittelte oder gespeicherte fremde Informationen zu \u00fcberwachen oder nach Umst\u00e4nden zu forschen, die auf eine rechtswidrige T\u00e4tigkeit hinweisen.<br \/>\nVerpflichtungen zur Entfernung oder Sperrung der Nutzung von Informationen nach den allgemeinen Gesetzen bleiben hiervon unber\u00fchrt. Eine diesbez\u00fcgliche Haftung ist jedoch erst ab dem Zeitpunkt der Kenntnis einer konkreten Rechtsverletzung m\u00f6glich. Bei Bekanntwerden von entsprechenden Rechtsverletzungen werden wir diese Inhalte umgehend entfernen.<\/p>\n<p>Haftung f\u00fcr Links<br \/>\nUnser Angebot enth\u00e4lt Links zu externen Webseiten Dritter, auf deren Inhalte wir keinen Einfluss haben. Deshalb k\u00f6nnen wir f\u00fcr diese fremden Inhalte auch keine Gew\u00e4hr \u00fcbernehmen. F\u00fcr die Inhalte der verlinkten Seiten ist stets der jeweilige Anbieter oder Betreiber der Seiten verantwortlich. Die verlinkten Seiten wurden zum Zeitpunkt der Verlinkung auf m\u00f6gliche Rechtsverst\u00f6\u00dfe \u00fcberpr\u00fcft. Rechtswidrige Inhalte waren zum Zeitpunkt der Verlinkung nicht erkennbar.<br \/>\nEine permanente inhaltliche Kontrolle der verlinkten Seiten ist jedoch ohne konkrete Anhaltspunkte einer Rechtsverletzung nicht zumutbar. Bei Bekanntwerden von Rechtsverletzungen werden wir derartige Links umgehend entfernen.<\/p>\n<p>Urheberrecht<br \/>\nDie durch die Seitenbetreiber erstellten Inhalte und Werke auf diesen Seiten unterliegen dem deutschen Urheberrecht. Die Vervielf\u00e4ltigung, Bearbeitung, Verbreitung und jede Art der Verwertung au\u00dferhalb der Grenzen des Urheberrechtes bed\u00fcrfen der schriftlichen Zustimmung des jeweiligen Autors bzw. Erstellers. Downloads und Kopien dieser Seite sind nur f\u00fcr den privaten, nicht kommerziellen Gebrauch gestattet.<br \/>\nSoweit die Inhalte auf dieser Seite nicht vom Betreiber erstellt wurden, werden die Urheberrechte Dritter beachtet. Insbesondere werden Inhalte Dritter als solche gekennzeichnet. Sollten Sie trotzdem auf eine Urheberrechtsverletzung aufmerksam werden, bitten wir um einen entsprechenden Hinweis. Bei Bekanntwerden von Rechtsverletzungen werden wir derartige Inhalte umgehend entfernen.<\/p>\n<p>Datenschutzerkl\u00e4rung:<\/p>\n<p class=\"font_8\">Datenschutz<br \/>\nDie Betreiber dieser Seiten nehmen den Schutz Ihrer pers\u00f6nlichen Daten sehr ernst. Wir behandeln Ihre personenbezogenen Daten vertraulich und entsprechend der gesetzlichen Datenschutzvorschriften sowie dieser Datenschutzerkl\u00e4rung.<br \/>\nDie Nutzung unserer Webseite ist in der Regel ohne Angabe personenbezogener Daten m\u00f6glich. Soweit auf unseren Seiten personenbezogene Daten (beispielsweise Name, Anschrift oder E-Mail-Adressen) erhoben werden, erfolgt dies, soweit m\u00f6glich, stets auf freiwilliger Basis. Diese Daten werden ohne Ihre ausdr\u00fcckliche Zustimmung nicht an Dritte weitergegeben.<br \/>\nWir weisen darauf hin, dass die Daten\u00fcbertragung im Internet (z.B. bei der Kommunikation per E-Mail) Sicherheitsl\u00fccken aufweisen kann. Ein l\u00fcckenloser Schutz der Daten vor dem Zugriff durch Dritte ist nicht m\u00f6glich.<\/p>\n<p>Datenschutzerkl\u00e4rung f\u00fcr die Nutzung von Google Analytics<br \/>\nDiese Website nutzt Funktionen des Webanalysedienstes Google Analytics. Anbieter ist die Google Inc., 1600 Amphitheatre Parkway Mountain View, CA 94043, USA.<br \/>\nGoogle Analytics verwendet sog. &#8222;Cookies&#8221;. Das sind Textdateien, die auf Ihrem Computer gespeichert werden und die eine Analyse der Benutzung der Website durch Sie erm\u00f6glichen. Die durch den Cookie erzeugten Informationen \u00fcber Ihre Benutzung dieser Website werden in der Regel an einen Server von Google in den USA \u00fcbertragen und dort gespeichert.<br \/>\nIm Falle der Aktivierung der IP-Anonymisierung auf dieser Webseite wird Ihre IP-Adresse von Google jedoch innerhalb von Mitgliedstaaten der Europ\u00e4ischen Union oder in anderen Vertragsstaaten des Abkommens \u00fcber den Europ\u00e4ischen Wirtschaftsraum zuvor gek\u00fcrzt. Nur in Ausnahmef\u00e4llen wird die volle IP-Adresse an einen Server von Google in den USA \u00fcbertragen und dort gek\u00fcrzt. Im Auftrag des Betreibers dieser Website wird Google diese Informationen benutzen, um Ihre Nutzung der Website auszuwerten, um Reports \u00fcber die Websiteaktivit\u00e4ten zusammenzustellen und um weitere mit der Websitenutzung und der Internetnutzung verbundene Dienstleistungen gegen\u00fcber dem Websitebetreiber zu erbringen. Die im Rahmen von Google Analytics von Ihrem Browser \u00fcbermittelte IP-Adresse wird nicht mit anderen Daten von Google zusammengef\u00fchrt.<br \/>\nSie k\u00f6nnen die Speicherung der Cookies durch eine entsprechende Einstellung Ihrer Browser-Software verhindern; wir weisen Sie jedoch darauf hin, dass Sie in diesem Fall gegebenenfalls nicht s\u00e4mtliche Funktionen dieser Website vollumf\u00e4nglich werden nutzen k\u00f6nnen. Sie k\u00f6nnen dar\u00fcber hinaus die Erfassung der durch das Cookie erzeugten und auf Ihre Nutzung der Website bezogenen Daten (inkl. Ihrer IP-Adresse) an Google sowie die Verarbeitung dieser Daten durch Google verhindern, indem sie das unter dem folgenden Link verf\u00fcgbare Browser-Plugin herunterladen und installieren:\u00a0<a href=\"http:\/\/tools.google.com\/dlpage\/gaoptout?hl=de\" target=\"_blank\" rel=\"noopener undefined noreferrer\" data-content=\"http:\/\/tools.google.com\/dlpage\/gaoptout?hl=de\" data-type=\"external\">http:\/\/tools.google.com\/dlpage\/gaoptout?hl=de<\/a><br \/>\nSie k\u00f6nnen die Erfassung durch Google Analytics verhindern, indem Sie auf folgenden Link klicken. Es wird ein Opt-Out-Cookie gesetzt, das das Erfassung Ihrer Daten bei zuk\u00fcnftigen Besuchen dieser Website verhindert:\u00a0Google Analytics deaktivieren<\/p>\n<p>Datenschutzerkl\u00e4rung f\u00fcr die Nutzung von Google +1<br \/>\nUnsere Seiten nutzen Funktionen von Google +1. Anbieter ist die Google Inc., 1600 Amphitheatre Parkway Mountain View, CA 94043, USA.<br \/>\nErfassung und Weitergabe von Informationen: Mithilfe der Google +1-Schaltfl\u00e4che k\u00f6nnen Sie Informationen weltweit ver\u00f6ffentlichen. \u00fcber die Google +1-Schaltfl\u00e4che erhalten Sie und andere Nutzer personalisierte Inhalte von Google und unseren Partnern. Google speichert sowohl die Information, dass Sie f\u00fcr einen Inhalt +1 gegeben haben, als auch Informationen \u00fcber die Seite, die Sie beim Klicken auf +1 angesehen haben. Ihre +1 k\u00f6nnen als Hinweise zusammen mit Ihrem Profilnamen und Ihrem Foto in Google-Diensten, wie etwa in Suchergebnissen oder in Ihrem Google-Profil, oder an anderen Stellen auf Websites und Anzeigen im Internet eingeblendet werden.<br \/>\nGoogle zeichnet Informationen \u00fcber Ihre +1-Aktivit\u00e4ten auf, um die Google-Dienste f\u00fcr Sie und andere zu verbessern. Um die Google +1-Schaltfl\u00e4che verwenden zu k\u00f6nnen, ben\u00f6tigen Sie ein weltweit sichtbares, \u00f6ffentliches Google-Profil, das zumindest den f\u00fcr das Profil gew\u00e4hlten Namen enthalten muss. Dieser Name wird in allen Google-Diensten verwendet. In manchen F\u00e4llen kann dieser Name auch einen anderen Namen ersetzen, den Sie beim Teilen von Inhalten \u00fcber Ihr Google-Konto verwendet haben. Die Identit\u00e4t Ihres Google-Profils kann Nutzern angezeigt werden, die Ihre E-Mail-Adresse kennen oder \u00fcber andere identifizierende Informationen von Ihnen verf\u00fcgen.<br \/>\nVerwendung der erfassten Informationen: Neben den oben erl\u00e4uterten Verwendungszwecken werden die von Ihnen bereitgestellten Informationen gem\u00e4\u00df den geltenden Google-Datenschutzbestimmungen genutzt. Google ver\u00f6ffentlicht m\u00f6glicherweise zusammengefasste Statistiken \u00fcber die +1-Aktivit\u00e4ten der Nutzer bzw. gibt diese an Nutzer und Partner weiter, wie etwa Publisher, Inserenten oder verbundene Websites.<\/p>\n<p class=\"font_8\">Datenschutzerkl\u00e4rung f\u00fcr die Nutzung von Facebook-Plugins (Like-Button)<br \/>\nAuf unseren Seiten sind Plugins des sozialen Netzwerks Facebook, Anbieter Facebook Inc., 1 Hacker Way, Menlo Park, California 94025, USA, integriert. Die Facebook-Plugins erkennen Sie an dem Facebook-Logo oder dem &#8222;Like-Button&#8221; (&#8222;Gef\u00e4llt mir&#8221;) auf unserer Seite. Eine \u00fcbersicht \u00fcber die Facebook-Plugins finden Sie hier:<a href=\"http:\/\/developers.facebook.com\/docs\/plugins\/\" target=\"_blank\" rel=\"noopener undefined noreferrer\" data-content=\"http:\/\/developers.facebook.com\/docs\/plugins\/\" data-type=\"external\">http:\/\/developers.facebook.com\/docs\/plugins\/<\/a>.<br \/>\nWenn Sie unsere Seiten besuchen, wird \u00fcber das Plugin eine direkte Verbindung zwischen Ihrem Browser und dem Facebook-Server hergestellt. Facebook erh\u00e4lt dadurch die Information, dass Sie mit Ihrer IP-Adresse unsere Seite besucht haben. Wenn Sie den Facebook &#8222;Like-Button&#8221; anklicken w\u00e4hrend Sie in Ihrem Facebook-Account eingeloggt sind, k\u00f6nnen Sie die Inhalte unserer Seiten auf Ihrem Facebook-Profil verlinken. Dadurch kann Facebook den Besuch unserer Seiten Ihrem Benutzerkonto zuordnen. Wir weisen darauf hin, dass wir als Anbieter der Seiten keine Kenntnis vom Inhalt der \u00fcbermittelten Daten sowie deren Nutzung durch Facebook erhalten. Weitere Informationen hierzu finden Sie in der Datenschutzerkl\u00e4rung von Facebook unter\u00a0<a href=\"http:\/\/de-de.facebook.com\/policy.php\" target=\"_blank\" rel=\"noopener undefined noreferrer\" data-content=\"http:\/\/de-de.facebook.com\/policy.php\" data-type=\"external\">http:\/\/de-de.facebook.com\/policy.php<\/a>.<br \/>\nWenn Sie nicht w\u00fcnschen, dass Facebook den Besuch unserer Seiten Ihrem Facebook-Nutzerkonto zuordnen kann, loggen Sie sich bitte aus Ihrem Facebook-Benutzerkonto aus.<\/p>\n<p>Auskunft, L\u00f6schung, Sperrung<br \/>\nSie haben jederzeit das Recht auf unentgeltliche Auskunft \u00fcber Ihre gespeicherten personenbezogenen Daten, deren Herkunft und Empf\u00e4nger und den Zweck der Datenverarbeitung sowie ein Recht auf Berichtigung, Sperrung oder L\u00f6schung dieser Daten. Hierzu sowie zu weiteren Fragen zum Thema personenbezogene Daten k\u00f6nnen Sie sich jederzeit unter der im Impressum angegebenen Adresse an uns wenden.<\/p>\n<p class=\"font_8\">Cookies<br \/>\nDie Internetseiten verwenden teilweise so genannte Cookies. Cookies richten auf Ihrem Rechner keinen Schaden an und enthalten keine Viren. Cookies dienen dazu, unser Angebot nutzerfreundlicher, effektiver und sicherer zu machen. Cookies sind kleine Textdateien, die auf Ihrem Rechner abgelegt werden und die Ihr Browser speichert.<br \/>\nDie meisten der von uns verwendeten Cookies sind so genannte \u201eSession-Cookies\u201c. Sie werden nach Ende Ihres Besuchs automatisch gel\u00f6scht. Andere Cookies bleiben auf Ihrem Endger\u00e4t gespeichert, bis Sie diese l\u00f6schen. Diese Cookies erm\u00f6glichen es uns, Ihren Browser beim n\u00e4chsten Besuch wiederzuerkennen.<br \/>\nSie k\u00f6nnen Ihren Browser so einstellen, dass Sie \u00fcber das Setzen von Cookies informiert werden und Cookies nur im Einzelfall erlauben, die Annahme von Cookies f\u00fcr bestimmte F\u00e4lle oder generell ausschlie\u00dfen sowie das automatische L\u00f6schen der Cookies beim Schlie\u00dfen des Browser aktivieren. Bei der Deaktivierung von Cookies kann die Funktionalit\u00e4t dieser Website eingeschr\u00e4nkt sein.<\/p>\n<p class=\"font_8\">Kontaktformular<br \/>\nWenn Sie uns per Kontaktformular Anfragen zukommen lassen, werden Ihre Angaben aus dem Anfrageformular inklusive der von Ihnen dort angegebenen Kontaktdaten zwecks Bearbeitung der Anfrage und f\u00fcr den Fall von Anschlussfragen bei uns gespeichert. Diese Daten geben wir nicht ohne Ihre Einwilligung weiter.<\/p>\n<p class=\"font_8\">Widerspruch Werbe-Mails<br \/>\nDer Nutzung von im Rahmen der Impressumspflicht ver\u00f6ffentlichten Kontaktdaten zur \u00fcbersendung von nicht ausdr\u00fccklich angeforderter Werbung und Informationsmaterialien wird hiermit widersprochen. Die Betreiber der Seiten behalten sich ausdr\u00fccklich rechtliche Schritte im Falle der unverlangten Zusendung von Werbeinformationen, etwa durch Spam-E-Mails, vor.<\/p>\n<\/div>\n","protected":false},"excerpt":{"rendered":"<p>Angaben gem\u00e4\u00df \u00a7 5 TMG: Lukas Urbanowicz Sandberg 19 14974 Ludwigsfelde OT Genshagen Mobil: +49 (0) 175 11 95\u00a0608 E-Mail:\u00a0info@ubezpieczsie.de Webseite:\u00a0www.ubezpieczsie.de Versicherungsmakler\u00a0&#8211; Erlaubnis nach \u00a7 34 d Abs. 1 GewO Versicherungsvermittlerregister:\u00a0Register-Nr. D-YD7I-D2D61-58 Gemeinsame Registerstelle nach \u00a711a Abs. 1 GewO: Deutscher Industrie- und Handelskammertag (DIHK) e.V. Breite Stra\u00dfe 29 10178 Berlin Telefon: 0180 600 58 50 [&hellip;]<\/p>\n","protected":false},"author":1,"featured_media":0,"parent":0,"menu_order":1,"comment_status":"closed","ping_status":"closed","template":"","meta":{"_exactmetrics_skip_tracking":false,"_exactmetrics_sitenote_active":false,"_exactmetrics_sitenote_note":"","_exactmetrics_sitenote_category":0,"footnotes":""},"class_list":["post-161","page","type-page","status-publish","czr-hentry"],"yoast_head":"<!-- This site is optimized with the Yoast SEO plugin v27.5 - https:\/\/yoast.com\/product\/yoast-seo-wordpress\/ -->\n<title>Impressum &#8212; Urbanowicz \u0141ukasz<\/title>\n<meta name=\"robots\" content=\"index, follow, max-snippet:-1, max-image-preview:large, max-video-preview:-1\" \/>\n<link rel=\"canonical\" href=\"https:\/\/ubezpieczenia.berlin\/index.php\/impressum\/\" \/>\n<meta property=\"og:locale\" content=\"pl_PL\" \/>\n<meta property=\"og:type\" content=\"article\" \/>\n<meta property=\"og:title\" content=\"Impressum &#8212; Urbanowicz \u0141ukasz\" \/>\n<meta property=\"og:description\" content=\"Angaben gem\u00e4\u00df \u00a7 5 TMG: Lukas Urbanowicz Sandberg 19 14974 Ludwigsfelde OT Genshagen Mobil: +49 (0) 175 11 95\u00a0608 E-Mail:\u00a0info@ubezpieczsie.de Webseite:\u00a0www.ubezpieczsie.de Versicherungsmakler\u00a0&#8211; Erlaubnis nach \u00a7 34 d Abs. 1 GewO Versicherungsvermittlerregister:\u00a0Register-Nr. D-YD7I-D2D61-58 Gemeinsame Registerstelle nach \u00a711a Abs. 1 GewO: Deutscher Industrie- und Handelskammertag (DIHK) e.V. Breite Stra\u00dfe 29 10178 Berlin Telefon: 0180 600 58 50 [&hellip;]\" \/>\n<meta property=\"og:url\" content=\"https:\/\/ubezpieczenia.berlin\/index.php\/impressum\/\" \/>\n<meta property=\"og:site_name\" content=\"Urbanowicz \u0141ukasz\" \/>\n<meta property=\"article:publisher\" content=\"https:\/\/www.facebook.com\/UrbanowiczLukas\/\" \/>\n<meta property=\"article:modified_time\" content=\"2020-08-13T05:21:19+00:00\" \/>\n<meta name=\"twitter:card\" content=\"summary_large_image\" \/>\n<meta name=\"twitter:label1\" content=\"Szacowany czas czytania\" \/>\n\t<meta name=\"twitter:data1\" content=\"9 minut\" \/>\n<script type=\"application\/ld+json\" class=\"yoast-schema-graph\">{\"@context\":\"https:\\\/\\\/schema.org\",\"@graph\":[{\"@type\":\"WebPage\",\"@id\":\"https:\\\/\\\/ubezpieczenia.berlin\\\/index.php\\\/impressum\\\/\",\"url\":\"https:\\\/\\\/ubezpieczenia.berlin\\\/index.php\\\/impressum\\\/\",\"name\":\"Impressum &#8212; Urbanowicz \u0141ukasz\",\"isPartOf\":{\"@id\":\"https:\\\/\\\/ubezpieczenia.berlin\\\/#website\"},\"datePublished\":\"2018-04-16T20:15:35+00:00\",\"dateModified\":\"2020-08-13T05:21:19+00:00\",\"breadcrumb\":{\"@id\":\"https:\\\/\\\/ubezpieczenia.berlin\\\/index.php\\\/impressum\\\/#breadcrumb\"},\"inLanguage\":\"pl-PL\",\"potentialAction\":[{\"@type\":\"ReadAction\",\"target\":[\"https:\\\/\\\/ubezpieczenia.berlin\\\/index.php\\\/impressum\\\/\"]}]},{\"@type\":\"BreadcrumbList\",\"@id\":\"https:\\\/\\\/ubezpieczenia.berlin\\\/index.php\\\/impressum\\\/#breadcrumb\",\"itemListElement\":[{\"@type\":\"ListItem\",\"position\":1,\"name\":\"Strona g\u0142\u00f3wna\",\"item\":\"https:\\\/\\\/ubezpieczenia.berlin\\\/\"},{\"@type\":\"ListItem\",\"position\":2,\"name\":\"Impressum\"}]},{\"@type\":\"WebSite\",\"@id\":\"https:\\\/\\\/ubezpieczenia.berlin\\\/#website\",\"url\":\"https:\\\/\\\/ubezpieczenia.berlin\\\/\",\"name\":\"Ubezpiezpieczenia w Berlinie\",\"description\":\"\",\"publisher\":{\"@id\":\"https:\\\/\\\/ubezpieczenia.berlin\\\/#organization\"},\"potentialAction\":[{\"@type\":\"SearchAction\",\"target\":{\"@type\":\"EntryPoint\",\"urlTemplate\":\"https:\\\/\\\/ubezpieczenia.berlin\\\/?s={search_term_string}\"},\"query-input\":{\"@type\":\"PropertyValueSpecification\",\"valueRequired\":true,\"valueName\":\"search_term_string\"}}],\"inLanguage\":\"pl-PL\"},{\"@type\":\"Organization\",\"@id\":\"https:\\\/\\\/ubezpieczenia.berlin\\\/#organization\",\"name\":\"Urbanowicz \u0141ukasz Versicherungsmakler\",\"url\":\"https:\\\/\\\/ubezpieczenia.berlin\\\/\",\"logo\":{\"@type\":\"ImageObject\",\"inLanguage\":\"pl-PL\",\"@id\":\"https:\\\/\\\/ubezpieczenia.berlin\\\/#\\\/schema\\\/logo\\\/image\\\/\",\"url\":\"http:\\\/\\\/ubezpieczenia.berlin\\\/wp-content\\\/uploads\\\/2018\\\/04\\\/Urbanowicz-\u0141ukasz-ubezpieczenia-w-Niemczech.jpg\",\"contentUrl\":\"http:\\\/\\\/ubezpieczenia.berlin\\\/wp-content\\\/uploads\\\/2018\\\/04\\\/Urbanowicz-\u0141ukasz-ubezpieczenia-w-Niemczech.jpg\",\"width\":765,\"height\":217,\"caption\":\"Urbanowicz \u0141ukasz Versicherungsmakler\"},\"image\":{\"@id\":\"https:\\\/\\\/ubezpieczenia.berlin\\\/#\\\/schema\\\/logo\\\/image\\\/\"},\"sameAs\":[\"https:\\\/\\\/www.facebook.com\\\/UrbanowiczLukas\\\/\",\"https:\\\/\\\/www.instagram.com\\\/urbanowiczlukas\\\/\"]}]}<\/script>\n<!-- \/ Yoast SEO plugin. -->","yoast_head_json":{"title":"Impressum &#8212; Urbanowicz \u0141ukasz","robots":{"index":"index","follow":"follow","max-snippet":"max-snippet:-1","max-image-preview":"max-image-preview:large","max-video-preview":"max-video-preview:-1"},"canonical":"https:\/\/ubezpieczenia.berlin\/index.php\/impressum\/","og_locale":"pl_PL","og_type":"article","og_title":"Impressum &#8212; Urbanowicz \u0141ukasz","og_description":"Angaben gem\u00e4\u00df \u00a7 5 TMG: Lukas Urbanowicz Sandberg 19 14974 Ludwigsfelde OT Genshagen Mobil: +49 (0) 175 11 95\u00a0608 E-Mail:\u00a0info@ubezpieczsie.de Webseite:\u00a0www.ubezpieczsie.de Versicherungsmakler\u00a0&#8211; Erlaubnis nach \u00a7 34 d Abs. 1 GewO Versicherungsvermittlerregister:\u00a0Register-Nr. D-YD7I-D2D61-58 Gemeinsame Registerstelle nach \u00a711a Abs. 1 GewO: Deutscher Industrie- und Handelskammertag (DIHK) e.V. Breite Stra\u00dfe 29 10178 Berlin Telefon: 0180 600 58 50 [&hellip;]","og_url":"https:\/\/ubezpieczenia.berlin\/index.php\/impressum\/","og_site_name":"Urbanowicz \u0141ukasz","article_publisher":"https:\/\/www.facebook.com\/UrbanowiczLukas\/","article_modified_time":"2020-08-13T05:21:19+00:00","twitter_card":"summary_large_image","twitter_misc":{"Szacowany czas czytania":"9 minut"},"schema":{"@context":"https:\/\/schema.org","@graph":[{"@type":"WebPage","@id":"https:\/\/ubezpieczenia.berlin\/index.php\/impressum\/","url":"https:\/\/ubezpieczenia.berlin\/index.php\/impressum\/","name":"Impressum &#8212; Urbanowicz \u0141ukasz","isPartOf":{"@id":"https:\/\/ubezpieczenia.berlin\/#website"},"datePublished":"2018-04-16T20:15:35+00:00","dateModified":"2020-08-13T05:21:19+00:00","breadcrumb":{"@id":"https:\/\/ubezpieczenia.berlin\/index.php\/impressum\/#breadcrumb"},"inLanguage":"pl-PL","potentialAction":[{"@type":"ReadAction","target":["https:\/\/ubezpieczenia.berlin\/index.php\/impressum\/"]}]},{"@type":"BreadcrumbList","@id":"https:\/\/ubezpieczenia.berlin\/index.php\/impressum\/#breadcrumb","itemListElement":[{"@type":"ListItem","position":1,"name":"Strona g\u0142\u00f3wna","item":"https:\/\/ubezpieczenia.berlin\/"},{"@type":"ListItem","position":2,"name":"Impressum"}]},{"@type":"WebSite","@id":"https:\/\/ubezpieczenia.berlin\/#website","url":"https:\/\/ubezpieczenia.berlin\/","name":"Ubezpiezpieczenia w Berlinie","description":"","publisher":{"@id":"https:\/\/ubezpieczenia.berlin\/#organization"},"potentialAction":[{"@type":"SearchAction","target":{"@type":"EntryPoint","urlTemplate":"https:\/\/ubezpieczenia.berlin\/?s={search_term_string}"},"query-input":{"@type":"PropertyValueSpecification","valueRequired":true,"valueName":"search_term_string"}}],"inLanguage":"pl-PL"},{"@type":"Organization","@id":"https:\/\/ubezpieczenia.berlin\/#organization","name":"Urbanowicz \u0141ukasz Versicherungsmakler","url":"https:\/\/ubezpieczenia.berlin\/","logo":{"@type":"ImageObject","inLanguage":"pl-PL","@id":"https:\/\/ubezpieczenia.berlin\/#\/schema\/logo\/image\/","url":"http:\/\/ubezpieczenia.berlin\/wp-content\/uploads\/2018\/04\/Urbanowicz-\u0141ukasz-ubezpieczenia-w-Niemczech.jpg","contentUrl":"http:\/\/ubezpieczenia.berlin\/wp-content\/uploads\/2018\/04\/Urbanowicz-\u0141ukasz-ubezpieczenia-w-Niemczech.jpg","width":765,"height":217,"caption":"Urbanowicz \u0141ukasz Versicherungsmakler"},"image":{"@id":"https:\/\/ubezpieczenia.berlin\/#\/schema\/logo\/image\/"},"sameAs":["https:\/\/www.facebook.com\/UrbanowiczLukas\/","https:\/\/www.instagram.com\/urbanowiczlukas\/"]}]}},"_links":{"self":[{"href":"https:\/\/ubezpieczenia.berlin\/index.php\/wp-json\/wp\/v2\/pages\/161","targetHints":{"allow":["GET"]}}],"collection":[{"href":"https:\/\/ubezpieczenia.berlin\/index.php\/wp-json\/wp\/v2\/pages"}],"about":[{"href":"https:\/\/ubezpieczenia.berlin\/index.php\/wp-json\/wp\/v2\/types\/page"}],"author":[{"embeddable":true,"href":"https:\/\/ubezpieczenia.berlin\/index.php\/wp-json\/wp\/v2\/users\/1"}],"replies":[{"embeddable":true,"href":"https:\/\/ubezpieczenia.berlin\/index.php\/wp-json\/wp\/v2\/comments?post=161"}],"version-history":[{"count":4,"href":"https:\/\/ubezpieczenia.berlin\/index.php\/wp-json\/wp\/v2\/pages\/161\/revisions"}],"predecessor-version":[{"id":1100,"href":"https:\/\/ubezpieczenia.berlin\/index.php\/wp-json\/wp\/v2\/pages\/161\/revisions\/1100"}],"wp:attachment":[{"href":"https:\/\/ubezpieczenia.berlin\/index.php\/wp-json\/wp\/v2\/media?parent=161"}],"curies":[{"name":"wp","href":"https:\/\/api.w.org\/{rel}","templated":true}]}}